{"id":2712,"date":"2018-07-25T07:12:33","date_gmt":"2018-07-25T07:12:33","guid":{"rendered":"https:\/\/ijlinz.es\/?page_id=2712"},"modified":"2018-07-25T07:12:33","modified_gmt":"2018-07-25T07:12:33","slug":"explaining-terrorist-and-insurgent-behavior","status":"publish","type":"page","link":"https:\/\/ijlinz.es\/en\/research\/projects\/explaining-terrorist-and-insurgent-behavior\/","title":{"rendered":"Explaining Terrorist and Insurgent Behavior"},"content":{"rendered":"[vc_row type=&#8221;full_width_background&#8221; full_screen_row_position=&#8221;middle&#8221; bg_color=&#8221;#ffffff&#8221; scene_position=&#8221;center&#8221; text_color=&#8221;dark&#8221; text_align=&#8221;left&#8221; top_padding=&#8221;4%&#8221; bottom_padding=&#8221;2%&#8221; overlay_strength=&#8221;0.3&#8243; shape_divider_position=&#8221;bottom&#8221; shape_type=&#8221;&#8221;][vc_column column_padding=&#8221;no-extra-padding&#8221; column_padding_position=&#8221;all&#8221; background_color_opacity=&#8221;1&#8243; background_hover_color_opacity=&#8221;1&#8243; column_shadow=&#8221;none&#8221; column_border_radius=&#8221;none&#8221; width=&#8221;1\/6&#8243; tablet_text_alignment=&#8221;default&#8221; phone_text_alignment=&#8221;default&#8221; column_border_width=&#8221;none&#8221; column_border_style=&#8221;solid&#8221;][\/vc_column][vc_column centered_text=&#8221;true&#8221; column_padding=&#8221;no-extra-padding&#8221; column_padding_position=&#8221;all&#8221; background_color_opacity=&#8221;1&#8243; background_hover_color_opacity=&#8221;1&#8243; column_shadow=&#8221;none&#8221; column_border_radius=&#8221;none&#8221; width=&#8221;2\/3&#8243; tablet_text_alignment=&#8221;default&#8221; phone_text_alignment=&#8221;default&#8221; column_border_width=&#8221;none&#8221; column_border_style=&#8221;solid&#8221;][divider line_type=&#8221;No Line&#8221; custom_height=&#8221;40&#8243;][vc_row_inner column_margin=&#8221;default&#8221; text_align=&#8221;left&#8221;][vc_column_inner column_padding=&#8221;no-extra-padding&#8221; column_padding_position=&#8221;all&#8221; background_color_opacity=&#8221;1&#8243; background_hover_color_opacity=&#8221;1&#8243; column_shadow=&#8221;none&#8221; column_border_radius=&#8221;none&#8221; width=&#8221;1\/1&#8243; column_border_width=&#8221;none&#8221; column_border_style=&#8221;solid&#8221;][nectar_gradient_text heading_tag=&#8221;h5&#8243; color=&#8221;extra-color-gradient-2&#8243; gradient_direction=&#8221;horizontal&#8221; text=&#8221;Research project&#8221;][\/vc_column_inner][\/vc_row_inner][vc_row_inner column_margin=&#8221;default&#8221; text_align=&#8221;left&#8221;][vc_column_inner column_padding=&#8221;no-extra-padding&#8221; column_padding_position=&#8221;all&#8221; background_color_opacity=&#8221;1&#8243; background_hover_color_opacity=&#8221;1&#8243; column_shadow=&#8221;none&#8221; column_border_radius=&#8221;none&#8221; width=&#8221;1\/1&#8243; column_border_width=&#8221;none&#8221; column_border_style=&#8221;solid&#8221;][vc_column_text css=&#8221;.vc_custom_1524131900177{margin-bottom: 20px !important;}&#8221;]\n<h4>Explaining Terrorist and Insurgent Behavior<\/h4>\n[\/vc_column_text][\/vc_column_inner][\/vc_row_inner][\/vc_column][vc_column column_padding=&#8221;no-extra-padding&#8221; column_padding_position=&#8221;all&#8221; background_color_opacity=&#8221;1&#8243; background_hover_color_opacity=&#8221;1&#8243; column_shadow=&#8221;none&#8221; column_border_radius=&#8221;none&#8221; width=&#8221;1\/6&#8243; tablet_text_alignment=&#8221;default&#8221; phone_text_alignment=&#8221;default&#8221; column_border_width=&#8221;none&#8221; column_border_style=&#8221;solid&#8221;][\/vc_column][\/vc_row][vc_row type=&#8221;full_width_background&#8221; full_screen_row_position=&#8221;middle&#8221; bg_color=&#8221;#ffffff&#8221; scene_position=&#8221;center&#8221; text_color=&#8221;dark&#8221; text_align=&#8221;left&#8221; bottom_padding=&#8221;6%&#8221; overlay_strength=&#8221;1&#8243; shape_divider_position=&#8221;bottom&#8221; shape_type=&#8221;&#8221;][vc_column column_padding=&#8221;no-extra-padding&#8221; column_padding_position=&#8221;all&#8221; background_color_opacity=&#8221;1&#8243; background_hover_color_opacity=&#8221;1&#8243; column_shadow=&#8221;none&#8221; column_border_radius=&#8221;none&#8221; width=&#8221;1\/1&#8243; tablet_text_alignment=&#8221;default&#8221; phone_text_alignment=&#8221;default&#8221; column_border_width=&#8221;none&#8221; column_border_style=&#8221;solid&#8221;][divider line_type=&#8221;No Line&#8221; custom_height=&#8221;40&#8243;][vc_row_inner content_placement=&#8221;middle&#8221; column_margin=&#8221;default&#8221; text_align=&#8221;left&#8221;][vc_column_inner enable_animation=&#8221;true&#8221; animation=&#8221;fade-in-from-bottom&#8221; column_padding=&#8221;padding-5-percent&#8221; column_padding_position=&#8221;top-bottom&#8221; background_color_opacity=&#8221;1&#8243; background_hover_color_opacity=&#8221;1&#8243; column_shadow=&#8221;none&#8221; column_border_radius=&#8221;5px&#8221; width=&#8221;4\/12&#8243; column_border_width=&#8221;none&#8221; column_border_style=&#8221;solid&#8221;][image_with_animation image_url=&#8221;2380&#8243; alignment=&#8221;center&#8221; animation=&#8221;Fade In&#8221; border_radius=&#8221;5px&#8221; box_shadow=&#8221;none&#8221; max_width=&#8221;100%&#8221;][\/vc_column_inner][vc_column_inner enable_animation=&#8221;true&#8221; animation=&#8221;fade-in-from-bottom&#8221; column_padding=&#8221;padding-5-percent&#8221; column_padding_position=&#8221;left&#8221; background_color_opacity=&#8221;1&#8243; background_hover_color_opacity=&#8221;1&#8243; column_shadow=&#8221;none&#8221; column_border_radius=&#8221;none&#8221; width=&#8221;8\/12&#8243; column_border_width=&#8221;none&#8221; column_border_style=&#8221;solid&#8221; delay=&#8221;100&#8243;][vc_column_text css=&#8221;.vc_custom_1524135775066{padding-right: 10% !important;}&#8221;]This web page contains information, papers and datasets related to an ongoing research project led by\u00a0Ignacio S\u00e1nchez-Cuenca and Luis de la Calle\u00a0about terrorist and insurgent behavior. We are interested in understanding the variation we find in the behavior displayed by terrorist and other armed groups on target selection, choice of violent tactics, and relationships with the local population and the support community. We also seek to identify the conditions under which different types of rebel groups emerge.[\/vc_column_text][vc_column_text css=&#8221;.vc_custom_1524133903630{padding-right: 10% !important;}&#8221;]The driving motivation of this project is that territorial control is paramount to explain variation in violent behavior. Those armed groups that cannot liberate territory from the state&#8217;s hands trigger a conflict dynamics which is quite different from that of groups with capacity to seize and hold territory. Clandestinity prevents underground rebels from mimicking guerrilla warfare, forcing them to rely on quintessential terrorist tactics. Territorial control, we claim, is largely conditional on state capacity.[\/vc_column_text][vc_column_text css=&#8221;.vc_custom_1524135798498{padding-right: 10% !important;}&#8221;]We approach these issues conceptually, analytically, and empirically, as can be seen in the collection of\u00a0papers\u00a0already published during the last years. We discuss the vexed question of how to categorize violence and armed groups. We also develop a theory about the consequences of territorial control for levels of violence, types of tactics, recruitment patterns and other relevant features of political violence. And finally we have created several datasets, at different levels of aggregation that allow us to test some of our ideas and hypotheses. These\u00a0datasets\u00a0are publicly available and can be downloaded in this web page.[\/vc_column_text][vc_column_text css=&#8221;.vc_custom_1524134233529{padding-right: 10% !important;}&#8221;]This research project is based at the Centre for Advanced Study in the Social Sciences (Juan March Institute, Madrid). Most of the funding comes from two projects financed by the Spanish Government (project SEJ2006-12462 and project CSO2010-21704).[\/vc_column_text][\/vc_column_inner][\/vc_row_inner][divider line_type=&#8221;No Line&#8221; custom_height=&#8221;25&#8243;][\/vc_column][\/vc_row][vc_row type=&#8221;full_width_background&#8221; full_screen_row_position=&#8221;middle&#8221; bg_color=&#8221;#ffffff&#8221; scene_position=&#8221;center&#8221; text_color=&#8221;dark&#8221; text_align=&#8221;left&#8221; bottom_padding=&#8221;2%&#8221; overlay_strength=&#8221;0.3&#8243; shape_divider_position=&#8221;bottom&#8221; shape_type=&#8221;&#8221;][vc_column column_padding=&#8221;no-extra-padding&#8221; column_padding_position=&#8221;all&#8221; background_color_opacity=&#8221;1&#8243; background_hover_color_opacity=&#8221;1&#8243; column_shadow=&#8221;none&#8221; column_border_radius=&#8221;none&#8221; width=&#8221;1\/6&#8243; tablet_text_alignment=&#8221;default&#8221; phone_text_alignment=&#8221;default&#8221; column_border_width=&#8221;none&#8221; column_border_style=&#8221;solid&#8221;][\/vc_column][vc_column centered_text=&#8221;true&#8221; column_padding=&#8221;no-extra-padding&#8221; column_padding_position=&#8221;all&#8221; background_color_opacity=&#8221;1&#8243; background_hover_color_opacity=&#8221;1&#8243; column_shadow=&#8221;none&#8221; column_border_radius=&#8221;none&#8221; width=&#8221;2\/3&#8243; tablet_text_alignment=&#8221;default&#8221; phone_text_alignment=&#8221;default&#8221; column_border_width=&#8221;none&#8221; column_border_style=&#8221;solid&#8221;][vc_row_inner column_margin=&#8221;default&#8221; text_align=&#8221;left&#8221;][vc_column_inner column_padding=&#8221;no-extra-padding&#8221; column_padding_position=&#8221;all&#8221; background_color_opacity=&#8221;1&#8243; background_hover_color_opacity=&#8221;1&#8243; column_shadow=&#8221;none&#8221; column_border_radius=&#8221;none&#8221; width=&#8221;1\/1&#8243; column_border_width=&#8221;none&#8221; column_border_style=&#8221;solid&#8221;][vc_column_text css=&#8221;.vc_custom_1524133068198{margin-bottom: 20px !important;}&#8221;]\n<h4>People<\/h4>\n[\/vc_column_text][\/vc_column_inner][\/vc_row_inner][\/vc_column][vc_column column_padding=&#8221;no-extra-padding&#8221; column_padding_position=&#8221;all&#8221; background_color_opacity=&#8221;1&#8243; background_hover_color_opacity=&#8221;1&#8243; column_shadow=&#8221;none&#8221; column_border_radius=&#8221;none&#8221; width=&#8221;1\/6&#8243; tablet_text_alignment=&#8221;default&#8221; phone_text_alignment=&#8221;default&#8221; column_border_width=&#8221;none&#8221; column_border_style=&#8221;solid&#8221;][\/vc_column][\/vc_row][vc_row type=&#8221;in_container&#8221; full_screen_row_position=&#8221;middle&#8221; scene_position=&#8221;center&#8221; text_color=&#8221;dark&#8221; text_align=&#8221;left&#8221; bottom_padding=&#8221;6%&#8221; overlay_strength=&#8221;0.3&#8243; shape_divider_position=&#8221;bottom&#8221; shape_type=&#8221;&#8221;][vc_column column_padding=&#8221;no-extra-padding&#8221; column_padding_position=&#8221;all&#8221; background_color_opacity=&#8221;1&#8243; background_hover_color_opacity=&#8221;1&#8243; column_shadow=&#8221;none&#8221; column_border_radius=&#8221;none&#8221; width=&#8221;1\/3&#8243; tablet_text_alignment=&#8221;default&#8221; phone_text_alignment=&#8221;default&#8221; column_border_width=&#8221;none&#8221; column_border_style=&#8221;solid&#8221;][vc_row_inner equal_height=&#8221;yes&#8221; content_placement=&#8221;middle&#8221; column_margin=&#8221;default&#8221; text_align=&#8221;left&#8221;][vc_column_inner column_padding=&#8221;padding-5-percent&#8221; column_padding_position=&#8221;left&#8221; background_color_opacity=&#8221;1&#8243; background_hover_color_opacity=&#8221;1&#8243; column_shadow=&#8221;none&#8221; column_border_radius=&#8221;none&#8221; width=&#8221;1\/1&#8243; column_border_width=&#8221;none&#8221; column_border_style=&#8221;solid&#8221;][image_with_animation image_url=&#8221;1305&#8243; alignment=&#8221;right&#8221; animation=&#8221;Fade In&#8221; border_radius=&#8221;20px&#8221; box_shadow=&#8221;none&#8221; max_width=&#8221;100%&#8221;][divider line_type=&#8221;No Line&#8221; custom_height=&#8221;12&#8243;][vc_column_text]\n<h3>Luis de la Calle<\/h3>\n[\/vc_column_text][vc_column_text]\n<p style=\"font-size: 15px; line-height: 20px;\">Luis de la Calle Robles is a Junior Researcher at the Juan March Institute. He holds a PhD in political science from the European University Institute, Florence. He has a MA from the Center for Advanced Social Sciences (CEACS) of the Juan March Institute, and a BA in Sociology from the University of Salamanca. His work focuses on the dynamics of armed groups, with a special focus on terrorism. His dissertation, which was awarded the Juan Linz Prize to the best dissertation in Political Science by the Centro de Estudios Pol\u00edticos y Constitucionales, aimed at explaining the differential use of violence by Western nationalist movements in their quest for internal devolution of power. His research has been published in journals such as Journal of Conflict Resolution, Politics &amp; Society, Annual Review of Political Science, European Journal of Political Research and International Studies Quarterly.<\/p>\n[\/vc_column_text][vc_column_text]<a href=\"mailto:lcalle@march.es\">lcalle@march.es<\/a>[\/vc_column_text][\/vc_column_inner][\/vc_row_inner][\/vc_column][vc_column column_padding=&#8221;no-extra-padding&#8221; column_padding_position=&#8221;all&#8221; background_color_opacity=&#8221;1&#8243; background_hover_color_opacity=&#8221;1&#8243; column_shadow=&#8221;none&#8221; column_border_radius=&#8221;none&#8221; width=&#8221;1\/3&#8243; tablet_text_alignment=&#8221;default&#8221; phone_text_alignment=&#8221;default&#8221; column_border_width=&#8221;none&#8221; column_border_style=&#8221;solid&#8221;][vc_row_inner equal_height=&#8221;yes&#8221; content_placement=&#8221;middle&#8221; column_margin=&#8221;default&#8221; text_align=&#8221;left&#8221;][vc_column_inner column_padding=&#8221;padding-5-percent&#8221; column_padding_position=&#8221;left&#8221; background_color_opacity=&#8221;1&#8243; background_hover_color_opacity=&#8221;1&#8243; column_shadow=&#8221;none&#8221; column_border_radius=&#8221;none&#8221; width=&#8221;1\/1&#8243; column_border_width=&#8221;none&#8221; column_border_style=&#8221;solid&#8221;][image_with_animation image_url=&#8221;1129&#8243; alignment=&#8221;right&#8221; animation=&#8221;Fade In&#8221; border_radius=&#8221;20px&#8221; box_shadow=&#8221;none&#8221; max_width=&#8221;100%&#8221;][divider line_type=&#8221;No Line&#8221; custom_height=&#8221;12&#8243;][vc_column_text]\n<h3>Ignacio S\u00e1nchez-Cuenca<\/h3>\n[\/vc_column_text][vc_column_text]\n<p style=\"font-size: 15px; line-height: 20px;\">Ignacio S\u00e1nchez-Cuenca is the Research Director of the Centre for Advanced Study in the Social Sciences (Juan March Institute) and Associate Professor of Sociology at the Universidad Complutense of Madrid. He holds a PhD in Sociology from the same university. He has been Rice Associate Professor at Yale University, Associate Professor in the Political Science Department of the Universidad Pompeu Fabra, Visiting Scholar at New York University, and Assistant Professor in the Sociology Department of the University of Salamanca. He has published articles in a number of journals, such as Journal of Conflict Resolution, Politics &amp; Society, Annual Review of Political Science, European Union Politics, Journal of Peace Research, Party Politics, Revista Espa\u00f1ola de Investigaciones Sociol\u00f3gicas, Revista Internacional de Sociolog\u00eda and others. Among his recent books, M\u00e1s democracia y menos liberalismo (Katz 2010), A\u00f1os de cambios, a\u00f1os de crisis. Ocho a\u00f1os de gobiernos socialistas (Catarata, 2012), (coeditor con Adam Przeworski) Democracia y socialdemocracia. Homenaje a Jos\u00e9 Mar\u00eda Maravall (Centro de Estudios Pol\u00edticos y Constitucionales, 2012), (coeditor con Jos\u00e9 Mar\u00eda Maravall) Controlling Governments (Cambridge University Press, 2008). He regularly writes op-ed pieces for El Pa\u00eds.<\/p>\n[\/vc_column_text][vc_column_text]<a href=\"mailto:isc@march.es\">isc@march.es<\/a>[\/vc_column_text][\/vc_column_inner][\/vc_row_inner][\/vc_column][vc_column column_padding=&#8221;no-extra-padding&#8221; column_padding_position=&#8221;all&#8221; background_color_opacity=&#8221;1&#8243; background_hover_color_opacity=&#8221;1&#8243; column_shadow=&#8221;none&#8221; column_border_radius=&#8221;none&#8221; width=&#8221;1\/3&#8243; tablet_text_alignment=&#8221;default&#8221; phone_text_alignment=&#8221;default&#8221; column_border_width=&#8221;none&#8221; column_border_style=&#8221;solid&#8221;][vc_row_inner equal_height=&#8221;yes&#8221; content_placement=&#8221;middle&#8221; column_margin=&#8221;default&#8221; text_align=&#8221;left&#8221;][vc_column_inner column_padding=&#8221;padding-5-percent&#8221; column_padding_position=&#8221;left&#8221; background_color_opacity=&#8221;1&#8243; background_hover_color_opacity=&#8221;1&#8243; column_shadow=&#8221;none&#8221; column_border_radius=&#8221;none&#8221; width=&#8221;1\/1&#8243; column_border_width=&#8221;none&#8221; column_border_style=&#8221;solid&#8221;][image_with_animation image_url=&#8221;2382&#8243; alignment=&#8221;right&#8221; animation=&#8221;Fade In&#8221; border_radius=&#8221;20px&#8221; box_shadow=&#8221;none&#8221; max_width=&#8221;100%&#8221;][divider line_type=&#8221;No Line&#8221; custom_height=&#8221;12&#8243;][vc_column_text]\n<h3>Lydia Kostopoulos<\/h3>\n[\/vc_column_text][vc_column_text]\n<p style=\"font-size: 15px; line-height: 20px;\">Lydia Kostopoulos has taught international politics at the New York Institute of Technology at their Chinese campus in Nanjing and is currently teaching at Saint Louis University&#8217;s Madrid campus. She holds a doctorate in political science from the University of Siena, an MA in Security and International Conflict from the University of Innsbruck and a BA in International Relations from the American University of Sharjah. Her research interests include international security policy, terrorist organizations and OSINT.<\/p>\n[\/vc_column_text][vc_column_text]<a href=\"mailto:lydiak@march.es\">lydiak@march.es<\/a>[\/vc_column_text][\/vc_column_inner][\/vc_row_inner][\/vc_column][\/vc_row][vc_row type=&#8221;in_container&#8221; full_screen_row_position=&#8221;middle&#8221; scene_position=&#8221;center&#8221; text_color=&#8221;dark&#8221; text_align=&#8221;left&#8221; bottom_padding=&#8221;5%&#8221; overlay_strength=&#8221;0.3&#8243; shape_divider_position=&#8221;bottom&#8221; shape_type=&#8221;&#8221;][vc_column column_padding=&#8221;no-extra-padding&#8221; column_padding_position=&#8221;all&#8221; background_color_opacity=&#8221;1&#8243; background_hover_color_opacity=&#8221;1&#8243; column_shadow=&#8221;none&#8221; column_border_radius=&#8221;none&#8221; width=&#8221;1\/1&#8243; tablet_text_alignment=&#8221;default&#8221; phone_text_alignment=&#8221;default&#8221; column_border_width=&#8221;none&#8221; column_border_style=&#8221;solid&#8221;][tabbed_section style=&#8221;material&#8221; alignment=&#8221;left&#8221; spacing=&#8221;default&#8221; tab_color=&#8221;Accent-Color&#8221; full_width_line=&#8221;true&#8221; icon_size=&#8221;28&#8243;][tab icon_family=&#8221;none&#8221; title=&#8221;Papers&#8221; id=&#8221;1524134584-1-90&#8243; tab_id=&#8221;1524134722209-8&#8243;][vc_column_text]\n<h3><strong>PUBLICATIONS RELATED TO THE PROJECT<\/strong><\/h3>\n<p>&nbsp;<\/p>\n<p><strong>On Insurgencies:<\/strong><\/p>\n<p><a title=\"Rebels Without a Territory. An Analysis of Non-territorial Conflicts in the World, 1970-1997\" href=\"http:\/\/jcr.sagepub.com\/content\/early\/2012\/04\/16\/0022002711431800.full.pdf\" target=\"_blank\" rel=\"noopener\">De la Calle, Luis and Ignacio S\u00e1nchez-Cuenca. 2012. &#8220;Rebels Without a Territory. An Analysis of Non-territorial Conflicts in the World, 1970-1997&#8221;. Journal of Conflict Resolution online first: April 18, 2012.<\/a><\/p>\n<p><a class=\"enlace\" title=\"Rebels Without a Territory. An Analysis of Non-territorial Conflicts in the World, 1970-1997\" href=\"datasets.asp\">Replications materials here<\/a><\/p>\n<p><a title=\"The Repertoire of Insurgent Violence\" href=\"http:\/\/www.aecpa.es\/uploads\/files\/modules\/congress\/10\/papers\/427.pdf\" target=\"_blank\" rel=\"noopener\">De la Calle, Luis and Ignacio S\u00e1nchez-Cuenca. &#8220;The Repertoire of Insurgent Violence&#8221; Paper delivered at the APSA Annual Meeting (Seattle, September 2011).<\/a><\/p>\n<p><a title=\"The Repertoire of Insurgent Violence\" href=\"http:\/\/recursos.march.es\/web\/ceacs\/proyectos\/dtv\/pdf\/Calle-Foley-Cuenca-the-importance-of-territory.pdf\" target=\"_blank\" rel=\"noopener\">De la Calle, Luis, Foley, Frank and Ignacio S\u00e1nchez-Cuenca. &#8220;The Importance of Territory: Probing the Nature and Effectiveness of Terrorism&#8221;. Manuscript (Juan March Institute 2012).<\/a><\/p>\n<p><strong>On Terrorism:<\/strong><\/p>\n<p><a title=\"What We Talk About When We Talk About Terrorism\" href=\"http:\/\/pas.sagepub.com\/content\/39\/3\/451.full.pdf+html\" target=\"_blank\" rel=\"noopener\">De la Calle, Luis and Ignacio S\u00e1nchez-Cuenca. 2011. &#8220;What We Talk About When We Talk About Terrorism&#8221;. Politics &amp; Society 39 (3): 451-472.<\/a><\/p>\n<p><a title=\"The Quantity and Quality of Terrorism: the DTV dataset\" href=\"http:\/\/jpr.sagepub.com\/content\/48\/1\/49.full.pdf\" target=\"_blank\" rel=\"noopener\">De la Calle, Luis and Ignacio S\u00e1nchez-Cuenca. 2011. &#8220;The Quantity and Quality of Terrorism: the DTV dataset&#8221;. Journal of Peace Research 48 (1): 49-58.<\/a><\/p>\n<p><a class=\"enlace\" title=\"The Quantity and Quality of Terrorism: the DTV dataset\" href=\"datasets.asp\">Replications materials here<\/a><\/p>\n<p><a title=\"Terrorism and the State\" href=\"http:\/\/recursos.march.es\/web\/ceacs\/proyectos\/dtv\/pdf\/terrorism and the state isc april 2008 3.pdf\" target=\"_blank\" rel=\"noopener\">S\u00e1nchez-Cuenca, Ignacio. Forthcoming. &#8220;Terrorism and the State.&#8221; Chapter prepared for Victor Nee, Tom Snijders, and Rafael Wittek (eds) Handbook of Rational Choice Social Research (Stanford University Press).<\/a><\/p>\n<p><a title=\"Domestic Terrorism: The Hidden Side of Political Violence.\" href=\"http:\/\/www.annualreviews.org\/doi\/pdf\/10.1146\/annurev.polisci.12.031607.094133\" target=\"_blank\" rel=\"noopener\">S\u00e1nchez-Cuenca, Ignacio and Luis de la Calle. 2009. &#8220;Domestic Terrorism: The Hidden Side of Political Violence.&#8221; Annual Review of Political Science 12: 31-49<\/a><\/p>\n<p><a title=\"Revolutionary Dreams and Terrorist Violence in the Developed World: Explaining Country Variation\" href=\"http:\/\/jpr.sagepub.com\/content\/46\/5\/687.full.pdf+html\" target=\"_blank\" rel=\"noopener\">S\u00e1nchez-Cuenca, Ignacio. 2009. &#8220;Revolutionary Dreams and Terrorist Violence in the Developed World: Explaining Country Variation.&#8221; Journal of Peace Research 46 (5): 687-706.<\/a><\/p>\n<p><a class=\"enlace\" title=\"The Quantity and Quality of Terrorism: the DTV dataset\" href=\"datasets.asp\">Replications materials here<\/a><\/p>\n<p><a title=\"Terrorist Violence and Popular Mobilization. The case of the Spanish Transition to Democracy\" href=\"http:\/\/pas.sagepub.com\/content\/37\/3\/428.full.pdf\" target=\"_blank\" rel=\"noopener\">Aguilar, Paloma and Ignacio S\u00e1nchez-Cuenca. 2009. &#8220;Terrorist Violence and Popular Mobilization. The case of the Spanish Transition to Democracy.&#8221; Politics &amp; Society 37 (3): 428-453.<\/a><\/p>\n<p><strong>On ETA violence:<\/strong><\/p>\n<p><a title=\"Killing and Voting in the Basque Country: An Exploration of the Electoral Link between ETA and its Political Branch\" href=\"http:\/\/recursos.march.es\/web\/ceacs\/proyectos\/dtv\/pdf\/Killing-and-Voting-in-the-Basque-Country-LC-ISC.pdf\" target=\"_blank\" rel=\"noopener\">De la Calle, Luis and Ignacio S\u00e1nchez-Cuenca. Forthcoming. &#8220;Killing and Voting in the Basque Country: An Exploration of the Electoral Link between ETA and its Political Branch&#8221;. Terrorism and Political Violence. <\/a><\/p>\n<p><a title=\"The Persistence of Nationalist Terrorism: the case of ETA\" href=\"http:\/\/recursos.march.es\/web\/ceacs\/proyectos\/dtv\/pdf\/ETA%20(Kledja).pdf\" target=\"_blank\" rel=\"noopener\">S\u00e1nchez-Cuenca, Ignacio. 2010. &#8220;The Persistence of Nationalist Terrorism: the case of ETA.&#8221; In Kledja Mulaj (ed) Violent Non-State Actors in Contemporary World Politics (Hurst Ed.)<\/a><\/p>\n<p><a title=\"ETA: del proceso de paz al regreso de la violencia\" href=\"http:\/\/recursos.march.es\/web\/ceacs\/proyectos\/dtv\/pdf\/ETA%20proceso%20de%20paz%20(Bosco).pdf\" target=\"_blank\" rel=\"noopener\">S\u00e1nchez-Cuenca, Ignacio. 2009. &#8220;ETA: del proceso de paz al regreso de la violencia.&#8221; In Anna Bosco &amp; Ignacio S\u00e1nchez-Cuenca (eds) A\u00f1os de cambios. La Espa\u00f1a de Zapatero (Madrid: Fundaci\u00f3n Pablo Iglesias).<\/a><\/p>\n<p><a title=\"Explaining temporal variation in the lethality of ETA\" href=\"http:\/\/recursos.march.es\/web\/ceacs\/proyectos\/dtv\/pdf\/Explaining%20temporal%20variation%20in%20the%20lethality%20of%20ETA%20RIS.pdf\" target=\"_blank\" rel=\"noopener\">S\u00e1nchez-Cuenca, Ignacio. 2009. &#8220;Explaining temporal variation in the lethality of ETA.&#8221; Revista Internacional de Sociolog\u00eda 67 (3): 609-629.<\/a><\/p>\n<p><a title=\"Fighting for Local Control: Street Violence in the Basque Country\" href=\"http:\/\/www.ingentaconnect.com\/content\/bpl\/isqu\/2007\/00000051\/00000002\/art00008\" target=\"_blank\" rel=\"noopener\">De la Calle, Luis. 2007. &#8220;Fighting for Local Control: Street Violence in the Basque Country&#8221;. International Studies Quarterly 51 (2): 431-455.<\/a><\/p>\n<p><a title=\"The Dynamics of Nationalist Terrorism: ETA and the IRA\" href=\"http:\/\/www.informaworld.com\/smpp\/content~content=a780503351~db=all~order=page\" target=\"_blank\" rel=\"noopener\">S\u00e1nchez-Cuenca, Ignacio. 2007. &#8220;The Dynamics of Nationalist Terrorism: ETA and the IRA&#8221;. Terrorism and Political Violence 19 (3): 289-306. <\/a><\/p>\n<p><a title=\"Terrorist Violence: Analyzing Target Selection within the IRA and ETA\" href=\"http:\/\/digital.march.es\/ceacs-ir\/es\/fedora\/repository\/ir%3A3821\" target=\"_blank\" rel=\"noopener\"> De la Calle, Luis and Ignacio S\u00e1nchez-Cuenca. 2006. The Production of Terrorist Violence: Analyzing Target Selection within the IRA and ETA. Working Paper 2006\/230. Instituto Juan March: Madrid.<\/a><\/p>\n<p><a title=\"La selecci\u00f3n de v\u00edctimas en ETA\" href=\"http:\/\/www.aecpa.es\/revista\/archivos\/10\/10-articulo-02.pdf\" target=\"_blank\" rel=\"noopener\">De la Calle, Luis e Ignacio S\u00e1nchez-Cuenca. 2004. &#8220;La selecci\u00f3n de v\u00edctimas en ETA&#8221;. Revista Espa\u00f1ola de Ciencia Pol\u00edtica 10: 53-79.<\/a><\/p>\n[\/vc_column_text][\/tab][tab icon_family=&#8221;none&#8221; title=&#8221;Datasets&#8221; id=&#8221;1524134584-2-92&#8243; tab_id=&#8221;1524134722270-8&#8243;][vc_column_text]\n<h3><strong>DATASETS<\/strong><\/h3>\n<p><strong><a href=\"#domestic\">The Domestic Terrorist Victims dataset (Version 1)<\/a><\/strong> <strong><a href=\"#eta\">The Victims of ETA dataset<\/a><\/strong> <strong><a href=\"#rebels\">Replication Data: Rebels Without a Territory. An Analysis of Non-Territorial Conflicts in the World, 1970-1997<\/a><\/strong> <strong><a href=\"#revolutionary\">Replication Data: Revolutionary Terrorism in the Developed World, 1970-2000<\/a><\/strong> <br class=\"oculta_impresion\" \/> <a name=\"domestic\"><\/a><\/p>\n<h4>The Domestic Terrorist Victims dataset (Version 1)<\/h4>\n<p>We have generated the first dataset that includes all domestic killings carried out by clandestine terrorist groups within Western Europe from 1965 onwards. We call it the DTV (Domestic Terrorist Victims) dataset. We have collected detailed evidence on almost 5,000 victims of domestic terrorism all over Western Europe. We have used several first-hand sources (for instance, local newspapers, monographs, and official list of victims) to compile a comprehensive dataset on domestic terrorism in Western Europe that includes many more killings than those of existing datasets: we have collected information on killings carried out by left-wing, right-wing, neo-nazi, pro-secessionist and vigilante-type of terrorist groups. The first release of the DTV dataset covers all killings carried out by terrorist groups in Western Europe from 1965 to 2005. This version supplies full descriptive information about 4,955 killings. Variables such as the date of the attack, the location, the name of the victim, her status, the group responsible, the method used and other relevant descriptive variables are included. We also include two variables to analyze target selection: selectivity and strategy. To introduce the data to the academic community we wrote &#8220;The Quantity and Quality of Terrorism: the DTV dataset&#8221;, which will be published in the Journal of Peace Research 46 (2), March 2011. Users may cite this article as their reference for the data. The accompanying codebook provides detailed information on each of the variables contained within the dataset, with coding conventions, examples and the sources used to generate the data.<\/p>\n<div class=\"oculta_impresion\"><a title=\"Download DTV 1-2009 dataset (.sav format 437 KB)\" href=\"http:\/\/recursos.march.es\/web\/ceacs\/proyectos\/dtv\/datasets\/DTV%201-2009.sav\">Download DTV 1-2009 dataset (.sav format 437 KB)<\/a> <a title=\"Download DTV 1-2009 dataset (.dta format 435 KB)\" href=\"http:\/\/recursos.march.es\/web\/ceacs\/proyectos\/dtv\/datasets\/dtv_1_2009.dta\">Download DTV 1-2009 dataset (.dta format 435 KB)<\/a> <a title=\"Download DTV 1-2009 JPR article (.pdf format 240 KB)\" href=\"http:\/\/recursos.march.es\/web\/ceacs\/proyectos\/dtv\/datasets\/The_quantity_and_quality_of_terrorism_JPR_original_submission.pdf\" target=\"_blank\" rel=\"noopener\">Download DTV 1-2009 JPR article (.pdf format 240 KB)<img loading=\"lazy\" src=\"http:\/\/recursos.march.es\/web\/ceacs\/proyectos\/dtv\/img\/pdfs.gif\" alt=\"Download DTV 1-2009 JPR article (.pdf format)\" width=\"16\" height=\"16\" \/><\/a> <a title=\"Download DTV 1-2009 codebook (.pdf format 163 KB)\" href=\"http:\/\/recursos.march.es\/web\/ceacs\/proyectos\/dtv\/datasets\/DTV%20Codebook.pdf\" target=\"_blank\" rel=\"noopener\">Download DTV 1-2009 codebook (.pdf format 163 KB)<img loading=\"lazy\" src=\"http:\/\/recursos.march.es\/web\/ceacs\/proyectos\/dtv\/img\/pdfs.gif\" alt=\"Download DTV 1-2009 codebook (.pdf format 163 KB)\" width=\"16\" height=\"16\" \/><\/a><\/div>\n<p><a name=\"eta\"><\/a><\/p>\n<h4>The Victims of ETA dataset<\/h4>\n<p>In addition to creating the DTV dataset, we want to complement this work in two directions. On the one hand, we plan to broaden the dataset with instances of domestic terrorism within affluent non-European countries (for instance, domestic terrorism in the U.S. or Japan). On the other hand, we want to upload country-based datasets on particular terrorist organizations that include more fine-grained information about their killings. For instance, we have released &#8220;the Victims of ETA&#8221; dataset, which covers all killings carried out by ETA, its splinters and other Basque terrorist organizations from 1960 onwards. In addition to supplying descriptive information, we have coded every victim from our new scheme of target selection. The codebook explains how variables are defined and operationalized. &#8220;The Victims of ETA&#8221; dataset should be useful not only for those interested in ETA terrorism, but also for those analyzing patterns of target selection in deadly nationalist conflicts.<\/p>\n<div class=\"oculta_impresion\"><a title=\"Download The Victims of ETA -Dataset (.sav format 87 KB)\" href=\"http:\/\/recursos.march.es\/web\/ceacs\/proyectos\/dtv\/datasets\/the%20Victims%20of%20ETA%20-DATASET.sav\">Download The Victims of ETA -Dataset (.sav format 87 KB)<\/a> <a title=\"Download The Victims of ETA -Codebook (PDF, 27,2 KB)\" href=\"http:\/\/recursos.march.es\/web\/ceacs\/proyectos\/dtv\/datasets\/the%20Victims%20of%20ETA%20-CODEBOOK.pdf\" target=\"_blank\" rel=\"noopener\">Download The Victims of ETA -Codebook (PDF, 27,2 KB) <img loading=\"lazy\" src=\"http:\/\/recursos.march.es\/web\/ceacs\/proyectos\/dtv\/img\/pdfs.gif\" alt=\"Download The Victims of ETA -Codebook (PDF, 27,2 KB)\" width=\"16\" height=\"16\" \/><\/a><\/div>\n<p><a name=\"rebels\"><\/a><\/p>\n<h4>Replication Data: Rebels Without a Territory. An Analysis of Non-Territorial Conflicts in the World, 1970-1997<\/h4>\n<p>These are the replication files, codebooks and datasets corresponding to the following article: De la Calle, Luis and Ignacio S\u00e1nchez-Cuenca. 2012. &#8220;Rebels Without a Territory. An Analysis of Non-territorial Conflicts in the World, 1970-1997&#8221;. Journal of Conflict Resolution. Online first: April 18, 2012.<\/p>\n<div class=\"oculta_impresion\"><a title=\"Download Replication Data for Table 1\" href=\"http:\/\/recursos.march.es\/web\/ceacs\/proyectos\/dtv\/datasets\/Data-to-Replicate-Table-1.dta\">Download Replication Data for Table 1 (.dta format, 6.5 KB)<\/a> <a title=\"Download Replication Non-Territorial Conflicts Dataset\" href=\"http:\/\/recursos.march.es\/web\/ceacs\/proyectos\/dtv\/datasets\/Rebels-Without-Territory-dataset.dta\" target=\"_blank\" rel=\"noopener\">Download Replication Non-Territorial Conflicts Dataset (.dta format, 6.5 KB)<\/a> <a title=\"Download Replication Do-file\" href=\"http:\/\/recursos.march.es\/web\/ceacs\/proyectos\/dtv\/datasets\/Rebels-Without-Territory-dofile-May-2011.do\">Download Replication Do-file (.do format, 3.43 KB)<\/a> <a title=\"Download Online Appendix A &amp; B\" href=\"http:\/\/recursos.march.es\/web\/ceacs\/proyectos\/dtv\/datasets\/Online-Appendix.pdf\" target=\"_blank\" rel=\"noopener\">Download Online Appendix A &amp; B (PDF, 19 KB) <img loading=\"lazy\" src=\"http:\/\/recursos.march.es\/web\/ceacs\/proyectos\/dtv\/img\/pdfs.gif\" alt=\"Download Online Appendix A &amp; B\" width=\"16\" height=\"16\" \/><\/a> <!--p><a href=\"http:\/\/recursos.march.es\/web\/ceacs\/proyectos\/dtv\/datasets\/CODEBOOK%20Revolutionary%20terrorist%20victims%20dataset.pdf\" target=\"_blank\" title=\"Download Codebook. Revolutionary Terrorist Victims Dataset (PDF, 46 KB)\">Download Codebook. Revolutionary Terrorist Victims Dataset (PDF, 46 KB) <img loading=\"lazy\" src=\"http:\/\/recursos.march.es\/web\/ceacs\/proyectos\/dtv\/img\/pdfs.gif\" alt=\"Download Codebook. Revolutionary Terrorist Victims Dataset (PDF, 46 KB)\" width=\"16\" height=\"16\" \/><\/a><\/p--><\/div>\n<p><a name=\"revolutionary\"><\/a><\/p>\n<h4>Replication Data: Revolutionary Terrorism in the Developed World, 1970-2000<\/h4>\n<p>These are the replication files, codebooks and datasets corresponding to the following article: Ignacio S\u00e1nchez-Cuenca, &#8220;Revolutionary Dreams and Terrorist Violence in the Developed World: Explaining Country Variation&#8221;, Journal of Peace Research, 46 (5) 2009: 687-706. <a href=\"http:\/\/recursos.march.es\/web\/ceacs\/proyectos\/dtv\/datasets\/replication%20revolutionary%20terrorist%20cross-sectional%20dataset.dta\" target=\"_blank\" rel=\"noopener\">Download Replication Revolutionary Terrorist Cross-sectional Dataset (.dta format, 6.5 KB)<\/a> <a href=\"http:\/\/recursos.march.es\/web\/ceacs\/proyectos\/dtv\/datasets\/replication%20revolutionary%20terrorist%20victims%20dataset.xls\" target=\"_blank\" rel=\"noopener\">Download Replication Revolutionary Terrorist Victims Dataset (.xls format, 103 KB)<\/a> <a href=\"http:\/\/recursos.march.es\/web\/ceacs\/proyectos\/dtv\/datasets\/Alternative%20regressions.do\" target=\"_blank\" rel=\"noopener\">Download Alternative Regressions Do-file (.do format, 3.43 KB)<\/a> <a href=\"http:\/\/recursos.march.es\/web\/ceacs\/proyectos\/dtv\/datasets\/CODEBOOK%20Revolutionary%20terrorist%20cross-sectional%20dataset.pdf\" target=\"_blank\" rel=\"noopener\">Download Codebook. Revolutionary Terrorist Cross-sectional Dataset (PDF, 19 KB) <img loading=\"lazy\" src=\"http:\/\/recursos.march.es\/web\/ceacs\/proyectos\/dtv\/img\/pdfs.gif\" alt=\"Download Codebook. Revolutionary Terrorist Cross-sectional Dataset (PDF, 19 KB\" width=\"16\" height=\"16\" \/><\/a> <a href=\"http:\/\/recursos.march.es\/web\/ceacs\/proyectos\/dtv\/datasets\/CODEBOOK%20Revolutionary%20terrorist%20victims%20dataset.pdf\" target=\"_blank\" rel=\"noopener\">Download Codebook. Revolutionary Terrorist Victims Dataset (PDF, 46 KB) <img loading=\"lazy\" src=\"http:\/\/recursos.march.es\/web\/ceacs\/proyectos\/dtv\/img\/pdfs.gif\" alt=\"Download Codebook. Revolutionary Terrorist Victims Dataset (PDF, 46 KB)\" width=\"16\" height=\"16\" \/><\/a>[\/vc_column_text][\/tab][\/tabbed_section][\/vc_column][\/vc_row]\n","protected":false},"excerpt":{"rendered":"<p>[vc_row type=&#8221;full_width_background&#8221; full_screen_row_position=&#8221;middle&#8221; bg_color=&#8221;#ffffff&#8221; scene_position=&#8221;center&#8221; text_color=&#8221;dark&#8221; text_align=&#8221;left&#8221; top_padding=&#8221;4%&#8221; bottom_padding=&#8221;2%&#8221; overlay_strength=&#8221;0.3&#8243; shape_divider_position=&#8221;bottom&#8221; shape_type=&#8221;&#8221;][vc_column column_padding=&#8221;no-extra-padding&#8221; column_padding_position=&#8221;all&#8221; background_color_opacity=&#8221;1&#8243; background_hover_color_opacity=&#8221;1&#8243; column_shadow=&#8221;none&#8221; column_border_radius=&#8221;none&#8221; width=&#8221;1\/6&#8243; tablet_text_alignment=&#8221;default&#8221; phone_text_alignment=&#8221;default&#8221; column_border_width=&#8221;none&#8221; column_border_style=&#8221;solid&#8221;][\/vc_column][vc_column centered_text=&#8221;true&#8221; column_padding=&#8221;no-extra-padding&#8221; column_padding_position=&#8221;all&#8221; background_color_opacity=&#8221;1&#8243; background_hover_color_opacity=&#8221;1&#8243; column_shadow=&#8221;none&#8221; column_border_radius=&#8221;none&#8221;&#8230;<\/p>\n","protected":false},"author":1,"featured_media":0,"parent":1821,"menu_order":0,"comment_status":"closed","ping_status":"closed","template":"","meta":[],"yoast_head":"<!-- This site is optimized with the Yoast SEO plugin v17.8 - https:\/\/yoast.com\/wordpress\/plugins\/seo\/ -->\n<title>Explaining Terrorist and Insurgent Behavior - Ijlinz<\/title>\n<meta name=\"robots\" content=\"index, follow, max-snippet:-1, max-image-preview:large, max-video-preview:-1\" \/>\n<link rel=\"canonical\" href=\"https:\/\/ijlinz.es\/en\/research\/projects\/explaining-terrorist-and-insurgent-behavior\/\" \/>\n<meta property=\"og:locale\" content=\"en_US\" \/>\n<meta property=\"og:type\" content=\"article\" \/>\n<meta property=\"og:title\" content=\"Explaining Terrorist and Insurgent Behavior - Ijlinz\" \/>\n<meta property=\"og:description\" content=\"[vc_row type=&#8221;full_width_background&#8221; full_screen_row_position=&#8221;middle&#8221; bg_color=&#8221;#ffffff&#8221; scene_position=&#8221;center&#8221; text_color=&#8221;dark&#8221; text_align=&#8221;left&#8221; top_padding=&#8221;4%&#8221; bottom_padding=&#8221;2%&#8221; overlay_strength=&#8221;0.3&#8243; shape_divider_position=&#8221;bottom&#8221; shape_type=&#8221;&#8221;][vc_column column_padding=&#8221;no-extra-padding&#8221; column_padding_position=&#8221;all&#8221; background_color_opacity=&#8221;1&#8243; background_hover_color_opacity=&#8221;1&#8243; column_shadow=&#8221;none&#8221; column_border_radius=&#8221;none&#8221; width=&#8221;1\/6&#8243; tablet_text_alignment=&#8221;default&#8221; phone_text_alignment=&#8221;default&#8221; column_border_width=&#8221;none&#8221; column_border_style=&#8221;solid&#8221;][\/vc_column][vc_column centered_text=&#8221;true&#8221; column_padding=&#8221;no-extra-padding&#8221; column_padding_position=&#8221;all&#8221; background_color_opacity=&#8221;1&#8243; background_hover_color_opacity=&#8221;1&#8243; column_shadow=&#8221;none&#8221; column_border_radius=&#8221;none&#8221;...\" \/>\n<meta property=\"og:url\" content=\"https:\/\/ijlinz.es\/en\/research\/projects\/explaining-terrorist-and-insurgent-behavior\/\" \/>\n<meta property=\"og:site_name\" content=\"Ijlinz\" \/>\n<meta property=\"og:image\" content=\"http:\/\/recursos.march.es\/web\/ceacs\/proyectos\/dtv\/img\/pdfs.gif\" \/>\n<meta name=\"twitter:card\" content=\"summary_large_image\" \/>\n<meta name=\"twitter:label1\" content=\"Est. reading time\" \/>\n\t<meta name=\"twitter:data1\" content=\"16 minutes\" \/>\n<script type=\"application\/ld+json\" class=\"yoast-schema-graph\">{\"@context\":\"https:\/\/schema.org\",\"@graph\":[{\"@type\":\"WebSite\",\"@id\":\"https:\/\/ijlinz.es\/#website\",\"url\":\"https:\/\/ijlinz.es\/\",\"name\":\"Ijlinz\",\"description\":\"Carlos III - Juan March Institute\",\"potentialAction\":[{\"@type\":\"SearchAction\",\"target\":{\"@type\":\"EntryPoint\",\"urlTemplate\":\"https:\/\/ijlinz.es\/?s={search_term_string}\"},\"query-input\":\"required name=search_term_string\"}],\"inLanguage\":\"en-US\"},{\"@type\":\"ImageObject\",\"@id\":\"https:\/\/ijlinz.es\/en\/research\/projects\/explaining-terrorist-and-insurgent-behavior\/#primaryimage\",\"inLanguage\":\"en-US\",\"url\":\"http:\/\/recursos.march.es\/web\/ceacs\/proyectos\/dtv\/img\/pdfs.gif\",\"contentUrl\":\"http:\/\/recursos.march.es\/web\/ceacs\/proyectos\/dtv\/img\/pdfs.gif\"},{\"@type\":\"WebPage\",\"@id\":\"https:\/\/ijlinz.es\/en\/research\/projects\/explaining-terrorist-and-insurgent-behavior\/#webpage\",\"url\":\"https:\/\/ijlinz.es\/en\/research\/projects\/explaining-terrorist-and-insurgent-behavior\/\",\"name\":\"Explaining Terrorist and Insurgent Behavior - Ijlinz\",\"isPartOf\":{\"@id\":\"https:\/\/ijlinz.es\/#website\"},\"primaryImageOfPage\":{\"@id\":\"https:\/\/ijlinz.es\/en\/research\/projects\/explaining-terrorist-and-insurgent-behavior\/#primaryimage\"},\"datePublished\":\"2018-07-25T07:12:33+00:00\",\"dateModified\":\"2018-07-25T07:12:33+00:00\",\"breadcrumb\":{\"@id\":\"https:\/\/ijlinz.es\/en\/research\/projects\/explaining-terrorist-and-insurgent-behavior\/#breadcrumb\"},\"inLanguage\":\"en-US\",\"potentialAction\":[{\"@type\":\"ReadAction\",\"target\":[\"https:\/\/ijlinz.es\/en\/research\/projects\/explaining-terrorist-and-insurgent-behavior\/\"]}]},{\"@type\":\"BreadcrumbList\",\"@id\":\"https:\/\/ijlinz.es\/en\/research\/projects\/explaining-terrorist-and-insurgent-behavior\/#breadcrumb\",\"itemListElement\":[{\"@type\":\"ListItem\",\"position\":1,\"name\":\"Home\",\"item\":\"https:\/\/ijlinz.es\/en\/\"},{\"@type\":\"ListItem\",\"position\":2,\"name\":\"Research\",\"item\":\"https:\/\/ijlinz.es\/en\/research\/\"},{\"@type\":\"ListItem\",\"position\":3,\"name\":\"Projects\",\"item\":\"https:\/\/ijlinz.es\/en\/research\/projects\/\"},{\"@type\":\"ListItem\",\"position\":4,\"name\":\"Explaining Terrorist and Insurgent Behavior\"}]}]}<\/script>\n<!-- \/ Yoast SEO plugin. -->","yoast_head_json":{"title":"Explaining Terrorist and Insurgent Behavior - Ijlinz","robots":{"index":"index","follow":"follow","max-snippet":"max-snippet:-1","max-image-preview":"max-image-preview:large","max-video-preview":"max-video-preview:-1"},"canonical":"https:\/\/ijlinz.es\/en\/research\/projects\/explaining-terrorist-and-insurgent-behavior\/","og_locale":"en_US","og_type":"article","og_title":"Explaining Terrorist and Insurgent Behavior - Ijlinz","og_description":"[vc_row type=&#8221;full_width_background&#8221; full_screen_row_position=&#8221;middle&#8221; bg_color=&#8221;#ffffff&#8221; scene_position=&#8221;center&#8221; text_color=&#8221;dark&#8221; text_align=&#8221;left&#8221; top_padding=&#8221;4%&#8221; bottom_padding=&#8221;2%&#8221; overlay_strength=&#8221;0.3&#8243; shape_divider_position=&#8221;bottom&#8221; shape_type=&#8221;&#8221;][vc_column column_padding=&#8221;no-extra-padding&#8221; column_padding_position=&#8221;all&#8221; background_color_opacity=&#8221;1&#8243; background_hover_color_opacity=&#8221;1&#8243; column_shadow=&#8221;none&#8221; column_border_radius=&#8221;none&#8221; width=&#8221;1\/6&#8243; tablet_text_alignment=&#8221;default&#8221; phone_text_alignment=&#8221;default&#8221; column_border_width=&#8221;none&#8221; column_border_style=&#8221;solid&#8221;][\/vc_column][vc_column centered_text=&#8221;true&#8221; column_padding=&#8221;no-extra-padding&#8221; column_padding_position=&#8221;all&#8221; background_color_opacity=&#8221;1&#8243; background_hover_color_opacity=&#8221;1&#8243; column_shadow=&#8221;none&#8221; column_border_radius=&#8221;none&#8221;...","og_url":"https:\/\/ijlinz.es\/en\/research\/projects\/explaining-terrorist-and-insurgent-behavior\/","og_site_name":"Ijlinz","og_image":[{"url":"http:\/\/recursos.march.es\/web\/ceacs\/proyectos\/dtv\/img\/pdfs.gif"}],"twitter_card":"summary_large_image","twitter_misc":{"Est. reading time":"16 minutes"},"schema":{"@context":"https:\/\/schema.org","@graph":[{"@type":"WebSite","@id":"https:\/\/ijlinz.es\/#website","url":"https:\/\/ijlinz.es\/","name":"Ijlinz","description":"Carlos III - Juan March Institute","potentialAction":[{"@type":"SearchAction","target":{"@type":"EntryPoint","urlTemplate":"https:\/\/ijlinz.es\/?s={search_term_string}"},"query-input":"required name=search_term_string"}],"inLanguage":"en-US"},{"@type":"ImageObject","@id":"https:\/\/ijlinz.es\/en\/research\/projects\/explaining-terrorist-and-insurgent-behavior\/#primaryimage","inLanguage":"en-US","url":"http:\/\/recursos.march.es\/web\/ceacs\/proyectos\/dtv\/img\/pdfs.gif","contentUrl":"http:\/\/recursos.march.es\/web\/ceacs\/proyectos\/dtv\/img\/pdfs.gif"},{"@type":"WebPage","@id":"https:\/\/ijlinz.es\/en\/research\/projects\/explaining-terrorist-and-insurgent-behavior\/#webpage","url":"https:\/\/ijlinz.es\/en\/research\/projects\/explaining-terrorist-and-insurgent-behavior\/","name":"Explaining Terrorist and Insurgent Behavior - Ijlinz","isPartOf":{"@id":"https:\/\/ijlinz.es\/#website"},"primaryImageOfPage":{"@id":"https:\/\/ijlinz.es\/en\/research\/projects\/explaining-terrorist-and-insurgent-behavior\/#primaryimage"},"datePublished":"2018-07-25T07:12:33+00:00","dateModified":"2018-07-25T07:12:33+00:00","breadcrumb":{"@id":"https:\/\/ijlinz.es\/en\/research\/projects\/explaining-terrorist-and-insurgent-behavior\/#breadcrumb"},"inLanguage":"en-US","potentialAction":[{"@type":"ReadAction","target":["https:\/\/ijlinz.es\/en\/research\/projects\/explaining-terrorist-and-insurgent-behavior\/"]}]},{"@type":"BreadcrumbList","@id":"https:\/\/ijlinz.es\/en\/research\/projects\/explaining-terrorist-and-insurgent-behavior\/#breadcrumb","itemListElement":[{"@type":"ListItem","position":1,"name":"Home","item":"https:\/\/ijlinz.es\/en\/"},{"@type":"ListItem","position":2,"name":"Research","item":"https:\/\/ijlinz.es\/en\/research\/"},{"@type":"ListItem","position":3,"name":"Projects","item":"https:\/\/ijlinz.es\/en\/research\/projects\/"},{"@type":"ListItem","position":4,"name":"Explaining Terrorist and Insurgent Behavior"}]}]}},"_links":{"self":[{"href":"https:\/\/ijlinz.es\/en\/wp-json\/wp\/v2\/pages\/2712"}],"collection":[{"href":"https:\/\/ijlinz.es\/en\/wp-json\/wp\/v2\/pages"}],"about":[{"href":"https:\/\/ijlinz.es\/en\/wp-json\/wp\/v2\/types\/page"}],"author":[{"embeddable":true,"href":"https:\/\/ijlinz.es\/en\/wp-json\/wp\/v2\/users\/1"}],"replies":[{"embeddable":true,"href":"https:\/\/ijlinz.es\/en\/wp-json\/wp\/v2\/comments?post=2712"}],"version-history":[{"count":1,"href":"https:\/\/ijlinz.es\/en\/wp-json\/wp\/v2\/pages\/2712\/revisions"}],"predecessor-version":[{"id":2713,"href":"https:\/\/ijlinz.es\/en\/wp-json\/wp\/v2\/pages\/2712\/revisions\/2713"}],"up":[{"embeddable":true,"href":"https:\/\/ijlinz.es\/en\/wp-json\/wp\/v2\/pages\/1821"}],"wp:attachment":[{"href":"https:\/\/ijlinz.es\/en\/wp-json\/wp\/v2\/media?parent=2712"}],"curies":[{"name":"wp","href":"https:\/\/api.w.org\/{rel}","templated":true}]}}